{"id":17362,"date":"2024-11-05T20:57:55","date_gmt":"2024-11-05T20:57:55","guid":{"rendered":"https:\/\/dackel.ch\/commission-delevage\/"},"modified":"2026-02-03T11:03:07","modified_gmt":"2026-02-03T11:03:07","slug":"commission-delevage","status":"publish","type":"page","link":"https:\/\/dackel.ch\/fr\/chiots-et-elevage\/elevage-renseignement-delevage\/commission-delevage\/","title":{"rendered":"Commission d&#8217;\u00e9levage"},"content":{"rendered":"<div  class='flex_column av-16sauzj-431aae78d17fd0fc09e82fa31a8205f9 av_one_full  avia-builder-el-0  el_before_av_hr  avia-builder-el-first  first flex_column_div  '     ><section  class='av_textblock_section av-m394hkad-1fcd5189994456263f8286b41c4affbd '   itemscope=\"itemscope\" itemtype=\"https:\/\/schema.org\/CreativeWork\" ><div class='avia_textblock'  itemprop=\"text\" ><p>La commission d&#8217;\u00e9levage encourage et contr\u00f4le l&#8217;\u00e9levage des 9 races de teckels et veille au respect des dispositions du r\u00e8glement d&#8217;\u00e9levage (RE) du SDC et du r\u00e8glement d&#8217;\u00e9levage et d&#8217;enregistrement (REE) de la SCS.<\/p>\n<p>Pour v\u00e9rifier l&#8217;aptitude \u00e0 l&#8217;\u00e9levage, elle effectue plusieurs fois par an des \u00e9valuations de la morphologie et du comportement.<br \/>\nElle est responsable des contr\u00f4les des \u00e9levages et des conseils aux \u00e9leveurs enregistr\u00e9s aupr\u00e8s du SDC.<br \/>\nLa commission d&#8217;\u00e9levage est charg\u00e9e de la formation initiale et continue des juges de caract\u00e8re du SDC.<br \/>\nElle organise r\u00e9guli\u00e8rement des \u00e9v\u00e9nements de formation continue pour les \u00e9leveurs, les propri\u00e9taires d&#8217;\u00e9talons et d&#8217;autres personnes int\u00e9ress\u00e9es.<\/p>\n<\/div><\/section><\/div><div  class='hr av-olg6pr-0bfe6a31d74140bad2adb999f70c96ac hr-default  avia-builder-el-2  el_after_av_one_full  el_before_av_textblock '><span class='hr-inner '><span class=\"hr-inner-style\"><\/span><\/span><\/div><\/p>\n<section  class='av_textblock_section av-m394gzkt-3ca6d8b4e7adb29fa010f7d6ce842040 '   itemscope=\"itemscope\" itemtype=\"https:\/\/schema.org\/CreativeWork\" ><div class='avia_textblock'  itemprop=\"text\" ><h4><strong>Membres de la commission d&#8217;\u00e9levage<\/strong><\/h4>\n<div class=\"tmm  tmm_11-zuchtkommission tmm-floating-pic\"><div class=\"tmm_3_columns tmm_wrap \"><span class=\"tmm_two_containers_tablet\"><\/span><div class=\"tmm_container\"><div class=\"tmm_member \" style=\"border-top:#aaaaaa solid 5px;\"><div class=\"tmm_textblock\"><div class=\"tmm_names\"><span class=\"tmm_fname\">Tanja<\/span> <span class=\"tmm_lname\">Walker<\/span><\/div><div class=\"tmm_job\">Z\u00fcchterin, Zuchtwartin, Vorsitz Zuchtkommission<\/div><div class=\"tmm_desc\" style=\"text-align:center\">Querstrasse 6<br>\r\n8165 Oberweningen<br>\r\nTelefon 044 856 17 18<\/div><div class=\"tmm_scblock\">\n                                                        <a class=\"tmm_sociallink\" href=\"mailto:zuchtwart@dackel.ch\" title=\"E-Mail\"><img decoding=\"async\" alt=\"E-Mail\" src=\"https:\/\/dackel.ch\/wp-content\/plugins\/team-members-pro\/img\/links\/email.png\"\/><\/a><\/div><\/div><\/div><div class=\"tmm_member \" style=\"border-top:#aaaaaa solid 5px;\"><div class=\"tmm_textblock\"><div class=\"tmm_names\"><span class=\"tmm_fname\">Susanne<\/span> <span class=\"tmm_lname\">Ruzsics<\/span><\/div><div class=\"tmm_job\">Z\u00fcchterin, Wesensrichterin, Obfrau Wesensrichter<\/div><div class=\"tmm_desc\" style=\"text-align:center\">L\u00e4rchenweg 2<br>\r\n8802 Kilchberg<br>\r\nTelefon 044 715 60 66<\/div><div class=\"tmm_scblock\">\n                                                        <a class=\"tmm_sociallink\" href=\"mailto:susanne.ruzsics@dackel.ch\" title=\"E-Mail\"><img decoding=\"async\" alt=\"E-Mail\" src=\"https:\/\/dackel.ch\/wp-content\/plugins\/team-members-pro\/img\/links\/email.png\"\/><\/a><\/div><\/div><\/div><span class=\"tmm_two_containers_tablet\"><\/span><div class=\"tmm_member \" style=\"border-top:#aaaaaa solid 5px;\"><div class=\"tmm_textblock\"><div class=\"tmm_names\"><span class=\"tmm_fname\">Sibylle<\/span> <span class=\"tmm_lname\">Oswald<\/span><\/div><div class=\"tmm_job\">Z\u00fcchterin, Wesensrichterin SKG<\/div><div class=\"tmm_desc\" style=\"text-align:center\">Allmeindstrasse 7<br>\r\n8873 Amden<br>\r\nMobile 079 458 54 49<\/div><div class=\"tmm_scblock\">\n                                                        <a class=\"tmm_sociallink\" href=\"mailto:sibylle.oswald@dackel.ch\" title=\"E-Mail\"><img decoding=\"async\" alt=\"E-Mail\" src=\"https:\/\/dackel.ch\/wp-content\/plugins\/team-members-pro\/img\/links\/email.png\"\/><\/a><\/div><\/div><\/div><\/div><span class=\"tmm_columns_containers_desktop\"><\/span><div class=\"tmm_container\"><div class=\"tmm_member \" style=\"border-top:#aaaaaa solid 5px;\"><div class=\"tmm_textblock\"><div class=\"tmm_names\"><span class=\"tmm_fname\">Dr. med. vet. Margret<\/span> <span class=\"tmm_lname\">Siegenthaler<\/span><\/div><div class=\"tmm_job\">Veterin\u00e4rin, Ausstellungsrichterin, Z\u00fcchterin<\/div><div class=\"tmm_desc\" style=\"text-align:center\">Thanstrasse 12<br>\r\n3436 Zollbr\u00fcck<br>\r\nMobile 079 239 73 16<\/div><div class=\"tmm_scblock\">\n                                                        <a class=\"tmm_sociallink\" href=\"mailto:margret.siegenthaler@dackel.ch\" title=\"E-Mail\"><img decoding=\"async\" alt=\"E-Mail\" src=\"https:\/\/dackel.ch\/wp-content\/plugins\/team-members-pro\/img\/links\/email.png\"\/><\/a><\/div><\/div><\/div><span class=\"tmm_two_containers_tablet\"><\/span><div class=\"tmm_member \" style=\"border-top:#aaaaaa solid 5px;\"><div class=\"tmm_textblock\"><div class=\"tmm_names\"><span class=\"tmm_fname\">Gabriele<\/span> <span class=\"tmm_lname\">Andreae<\/span><\/div><div class=\"tmm_job\">Z\u00fcchterin, 2-sprachig<\/div><div class=\"tmm_desc\" style=\"text-align:center\">Rte. De Curtilles 2<br>\r\n1683 Chesalles-sur-Moudon<br>\r\nMobile 079 307 90 18<\/div><div class=\"tmm_scblock\">\n                                                        <a class=\"tmm_sociallink\" href=\"mailto:gabriele.andreae@dackel.ch\" title=\"E-Mail\"><img decoding=\"async\" alt=\"E-Mail\" src=\"https:\/\/dackel.ch\/wp-content\/plugins\/team-members-pro\/img\/links\/email.png\"\/><\/a><\/div><\/div><\/div><div class=\"tmm_member \" style=\"border-top:#aaaaaa solid 5px;\"><div class=\"tmm_textblock\"><div class=\"tmm_names\"><span class=\"tmm_fname\">Melanie<\/span> <span class=\"tmm_lname\">Tukker<\/span><\/div><div class=\"tmm_job\">Z\u00fcchterin<\/div><div class=\"tmm_desc\" style=\"text-align:center\">Haldenweg 12<br>\r\n4422 Arisdorf<br>\r\nMobile 079 399 03 87<\/div><div class=\"tmm_scblock\">\n                                                        <a class=\"tmm_sociallink\" href=\"mailto:melanie.tukker@dackel.ch\" title=\"E-Mail\"><img decoding=\"async\" alt=\"E-Mail\" src=\"https:\/\/dackel.ch\/wp-content\/plugins\/team-members-pro\/img\/links\/email.png\"\/><\/a><\/div><\/div><\/div><span class=\"tmm_two_containers_tablet\"><\/span><\/div><span class=\"tmm_columns_containers_desktop\"><\/span><div class=\"tmm_container\"><div class=\"tmm_member \" style=\"border-top:#aaaaaa solid 5px;\"><div class=\"tmm_textblock\"><div class=\"tmm_names\"><span class=\"tmm_fname\">Sibylle<\/span> <span class=\"tmm_lname\">D\u00fcrrenmatt<\/span><\/div><div class=\"tmm_job\">Z\u00fcchterin<\/div><div class=\"tmm_desc\" style=\"text-align:center\">Chasseralweg 10<br>\r\n2554 Meinisberg<br>\r\nMobile 079 409 80 92<\/div><div class=\"tmm_scblock\">\n                                                        <a class=\"tmm_sociallink\" href=\"mailto:sibylle.duerrenmatt@dackel.ch\" title=\"E-Mail\"><img decoding=\"async\" alt=\"E-Mail\" src=\"https:\/\/dackel.ch\/wp-content\/plugins\/team-members-pro\/img\/links\/email.png\"\/><\/a><\/div><\/div><\/div><div style=\"clear:both;\"><\/div><\/div><\/div><\/div>\n<\/div><\/section>\n","protected":false},"excerpt":{"rendered":"","protected":false},"author":1,"featured_media":0,"parent":17595,"menu_order":2,"comment_status":"closed","ping_status":"closed","template":"","meta":{"ngg_post_thumbnail":0,"footnotes":""},"class_list":["post-17362","page","type-page","status-publish","hentry"],"_links":{"self":[{"href":"https:\/\/dackel.ch\/fr\/wp-json\/wp\/v2\/pages\/17362","targetHints":{"allow":["GET"]}}],"collection":[{"href":"https:\/\/dackel.ch\/fr\/wp-json\/wp\/v2\/pages"}],"about":[{"href":"https:\/\/dackel.ch\/fr\/wp-json\/wp\/v2\/types\/page"}],"author":[{"embeddable":true,"href":"https:\/\/dackel.ch\/fr\/wp-json\/wp\/v2\/users\/1"}],"replies":[{"embeddable":true,"href":"https:\/\/dackel.ch\/fr\/wp-json\/wp\/v2\/comments?post=17362"}],"version-history":[{"count":5,"href":"https:\/\/dackel.ch\/fr\/wp-json\/wp\/v2\/pages\/17362\/revisions"}],"predecessor-version":[{"id":17488,"href":"https:\/\/dackel.ch\/fr\/wp-json\/wp\/v2\/pages\/17362\/revisions\/17488"}],"up":[{"embeddable":true,"href":"https:\/\/dackel.ch\/fr\/wp-json\/wp\/v2\/pages\/17595"}],"wp:attachment":[{"href":"https:\/\/dackel.ch\/fr\/wp-json\/wp\/v2\/media?parent=17362"}],"curies":[{"name":"wp","href":"https:\/\/api.w.org\/{rel}","templated":true}]}}