{"id":17632,"date":"2015-09-09T06:23:38","date_gmt":"2015-09-09T06:23:38","guid":{"rendered":"https:\/\/dackel.ch\/notre-club\/"},"modified":"2026-02-03T11:03:26","modified_gmt":"2026-02-03T11:03:26","slug":"notre-club","status":"publish","type":"page","link":"https:\/\/dackel.ch\/fr\/notre-club\/","title":{"rendered":"Notre club"},"content":{"rendered":"\n<style type=\"text\/css\" data-created_by=\"avia_inline_auto\" id=\"style-css-av-cdri-d2780ebbdabf923d5c0d3bdcd2bd69fb\">\n.flex_column.av-cdri-d2780ebbdabf923d5c0d3bdcd2bd69fb{\nborder-radius:0px 0px 0px 0px;\npadding:0px 0px 0px 0px;\n}\n<\/style>\n<div  class='flex_column av-cdri-d2780ebbdabf923d5c0d3bdcd2bd69fb av_one_full  avia-builder-el-0  avia-builder-el-no-sibling  first flex_column_div av-zero-column-padding  '     ><div  class='avia-icon-list-container av-2kfee-59be2ece836025ade285435da4962399  avia-builder-el-1  avia-builder-el-no-sibling '><ul class='avia-icon-list avia_animate_when_almost_visible avia-icon-list-left av-iconlist-big av-2kfee-59be2ece836025ade285435da4962399 avia-iconlist-animate'>\n<li><div class='iconlist_icon av-1c5ca-216e012c2a2b0f026d17fdf60c940eff avia-font-entypo-fontello avia-iconfont avia-font-entypo-fontello'><span class='av-icon-char' data-av_icon='\ue80a' data-av_iconfont='entypo-fontello' aria-hidden=\"true\"><\/span><\/div><article class=\"article-icon-entry \"  itemscope=\"itemscope\" itemtype=\"https:\/\/schema.org\/CreativeWork\" ><div class=\"iconlist_content_wrap\"><header class=\"entry-content-header\" aria-label=\"Ic\u00f4ne : Pr\u00e9sidents du SDC\"><h4 class='av_iconlist_title iconlist_title  '  itemprop=\"headline\" >Pr\u00e9sidents du SDC<\/h4><\/header><div class='iconlist_content '  itemprop=\"text\" ><p><span style=\"color: #ffffff;\">&#8230;<\/span><\/p>\n<table border=\"0\" width=\"100%\" cellspacing=\"0\" cellpadding=\"4\">\n<tbody>\n<tr valign=\"top\">\n<td bgcolor=\"#ff0000\" width=\"253\"><span style=\"color: #ffffff;\">Pr\u00e9nom \/ Nom<\/span><\/td>\n<td bgcolor=\"#ff0000\" width=\"203\"><span style=\"color: #ffffff;\">Lieu<\/span><\/td>\n<td bgcolor=\"#ff0000\" width=\"290\"><span style=\"color: #ffffff;\">P\u00e9riode de fonction (de &#8211; \u00e0)<\/span><\/td>\n<\/tr>\n<tr valign=\"top\">\n<td bgcolor=\"#e3e3e3\">August Heer<\/td>\n<td bgcolor=\"#e3e3e3\">B\u00e2le<\/td>\n<td bgcolor=\"#e3e3e3\">1902 &#8211; 1903<\/td>\n<\/tr>\n<tr valign=\"top\">\n<td>Emil Fornerod<\/td>\n<td>Zurich<\/td>\n<td>1904 &#8211; 1908<\/td>\n<\/tr>\n<tr valign=\"top\">\n<td bgcolor=\"#e3e3e3\">Hans Heer<\/td>\n<td bgcolor=\"#e3e3e3\">B\u00e2le<\/td>\n<td bgcolor=\"#e3e3e3\">1909 &#8211; 1912<\/td>\n<\/tr>\n<tr valign=\"top\">\n<td>Emil Fornerod<\/td>\n<td>B\u00e2le<\/td>\n<td>1913 &#8211; 1914<\/td>\n<\/tr>\n<tr valign=\"top\">\n<td bgcolor=\"#e3e3e3\">Oberf\u00f6rster Conrad<\/td>\n<td bgcolor=\"#e3e3e3\">Burgdorf<\/td>\n<td bgcolor=\"#e3e3e3\">1915 &#8211; 1922<\/td>\n<\/tr>\n<tr valign=\"top\">\n<td>Eduard Gerber-Demme<\/td>\n<td>Berne<\/td>\n<td>1923 &#8211; 1926<\/td>\n<\/tr>\n<tr valign=\"top\">\n<td bgcolor=\"#e3e3e3\">A. Ziegler<\/td>\n<td bgcolor=\"#e3e3e3\">Berne<\/td>\n<td bgcolor=\"#e3e3e3\">1927 &#8211; ?<\/td>\n<\/tr>\n<tr valign=\"top\">\n<td>M. v. Hegner<\/td>\n<td>Neuthal<\/td>\n<td>vers 1940<\/td>\n<\/tr>\n<tr valign=\"top\">\n<td bgcolor=\"#E3E3E3\">Oberf\u00f6rster E. Bruggisser<\/td>\n<td bgcolor=\"#E3E3E3\">Zofingen<\/td>\n<td bgcolor=\"#E3E3E3\">vers 1944<\/td>\n<\/tr>\n<tr valign=\"top\">\n<td>O. A. Stocker<\/td>\n<td>Sch\u00f6nenwerd &amp; B\u00e2le<\/td>\n<td>env. 1948 &#8211; 1954<\/td>\n<\/tr>\n<tr valign=\"top\">\n<td bgcolor=\"#E3E3E3\">Otto Sch\u00e4tti<\/td>\n<td bgcolor=\"#E3E3E3\">Bubikon<\/td>\n<td bgcolor=\"#E3E3E3\">1955 &#8211; 1966<\/td>\n<\/tr>\n<tr valign=\"top\">\n<td>Fritz Fl\u00fcckiger<\/td>\n<td>Zurich<\/td>\n<td>1967 &#8211; 1979<\/td>\n<\/tr>\n<tr valign=\"top\">\n<td bgcolor=\"#E3E3E3\">Roland Fladt<\/td>\n<td bgcolor=\"#E3E3E3\">B\u00e4retswil<\/td>\n<td bgcolor=\"#E3E3E3\">1980 &#8211; 1982<\/td>\n<\/tr>\n<tr valign=\"top\">\n<td>Werner Aschmann<\/td>\n<td>Zurich<\/td>\n<td>1983 &#8211; 1988<\/td>\n<\/tr>\n<tr valign=\"top\">\n<td bgcolor=\"#E3E3E3\">Fritz Fl\u00fcckiger<\/td>\n<td bgcolor=\"#E3E3E3\">Zurich<\/td>\n<td bgcolor=\"#E3E3E3\">1989 &#8211; 1991<\/td>\n<\/tr>\n<tr valign=\"top\">\n<td>Robert Osterwalder<\/td>\n<td>Madetswil<\/td>\n<td>1992 &#8211; 2003<\/td>\n<\/tr>\n<tr valign=\"top\" bgcolor=\"#E3E3E3\">\n<td>Leo Hess<\/td>\n<td>Zuckenriet<\/td>\n<td>2004 &#8211; 2011<\/td>\n<\/tr>\n<tr valign=\"top\">\n<td>Kurt Hartmann<\/td>\n<td>Buchen im Pr\u00e4ttigau<\/td>\n<td>2012 &#8211; 2024<\/td>\n<\/tr>\n<tr valign=\"top\" bgcolor=\"#E3E3E3\">\n<td>Eliane Untern\u00e4hrer<\/td>\n<td>Horw<\/td>\n<td>depuis 2024<\/td>\n<\/tr>\n<\/tbody>\n<\/table>\n<\/div><\/div><footer class=\"entry-footer\"><\/footer><\/article><div class=\"iconlist-timeline\"><\/div><\/li>\n<li><div class='iconlist_icon av-154eq-b82f620183b85690385521a3c4fa3ec4 avia-font-entypo-fontello avia-iconfont avia-font-entypo-fontello'><span class='av-icon-char' data-av_icon='\ue84b' data-av_iconfont='entypo-fontello' aria-hidden=\"true\"><\/span><\/div><article class=\"article-icon-entry \"  itemscope=\"itemscope\" itemtype=\"https:\/\/schema.org\/CreativeWork\" ><div class=\"iconlist_content_wrap\"><header class=\"entry-content-header\" aria-label=\"Ic\u00f4ne : Proc\u00e8s-verbal de la 1\u00e8re AG\"><h4 class='av_iconlist_title iconlist_title  '  itemprop=\"headline\" >Proc\u00e8s-verbal de la 1\u00e8re AG<\/h4><\/header><div class='iconlist_content '  itemprop=\"text\" ><p><img loading=\"lazy\" decoding=\"async\" class=\"alignnone size-medium wp-image-81\" src=\"https:\/\/dackel.ch\/wp-content\/uploads\/2015\/09\/protokoll1-215x300.jpg\" alt=\"protokoll1\" width=\"215\" height=\"300\" srcset=\"https:\/\/dackel.ch\/wp-content\/uploads\/2015\/09\/protokoll1-215x300.jpg 215w, https:\/\/dackel.ch\/wp-content\/uploads\/2015\/09\/protokoll1-505x705.jpg 505w, https:\/\/dackel.ch\/wp-content\/uploads\/2015\/09\/protokoll1-450x628.jpg 450w, https:\/\/dackel.ch\/wp-content\/uploads\/2015\/09\/protokoll1.jpg 642w\" sizes=\"auto, (max-width: 215px) 100vw, 215px\" \/><br \/>\n<a href=\"https:\/\/dackel.ch\/wp-content\/uploads\/2015\/09\/protokoll1.jpg\">cliquer pour agrandir<\/a><\/p>\n<\/div><\/div><footer class=\"entry-footer\"><\/footer><\/article><div class=\"iconlist-timeline\"><\/div><\/li>\n<\/ul><\/div><\/div>\n","protected":false},"excerpt":{"rendered":"","protected":false},"author":1,"featured_media":0,"parent":0,"menu_order":0,"comment_status":"closed","ping_status":"closed","template":"","meta":{"ngg_post_thumbnail":0,"footnotes":""},"class_list":["post-17632","page","type-page","status-publish","hentry"],"_links":{"self":[{"href":"https:\/\/dackel.ch\/fr\/wp-json\/wp\/v2\/pages\/17632","targetHints":{"allow":["GET"]}}],"collection":[{"href":"https:\/\/dackel.ch\/fr\/wp-json\/wp\/v2\/pages"}],"about":[{"href":"https:\/\/dackel.ch\/fr\/wp-json\/wp\/v2\/types\/page"}],"author":[{"embeddable":true,"href":"https:\/\/dackel.ch\/fr\/wp-json\/wp\/v2\/users\/1"}],"replies":[{"embeddable":true,"href":"https:\/\/dackel.ch\/fr\/wp-json\/wp\/v2\/comments?post=17632"}],"version-history":[{"count":1,"href":"https:\/\/dackel.ch\/fr\/wp-json\/wp\/v2\/pages\/17632\/revisions"}],"predecessor-version":[{"id":17635,"href":"https:\/\/dackel.ch\/fr\/wp-json\/wp\/v2\/pages\/17632\/revisions\/17635"}],"wp:attachment":[{"href":"https:\/\/dackel.ch\/fr\/wp-json\/wp\/v2\/media?parent=17632"}],"curies":[{"name":"wp","href":"https:\/\/api.w.org\/{rel}","templated":true}]}}