{"id":17689,"date":"2016-03-05T17:13:35","date_gmt":"2016-03-05T17:13:35","guid":{"rendered":"https:\/\/dackel.ch\/eleveurs-par-race-taille\/"},"modified":"2016-03-05T17:13:35","modified_gmt":"2016-03-05T17:13:35","slug":"eleveurs-par-race-taille","status":"publish","type":"page","link":"https:\/\/dackel.ch\/fr\/eleveurs-par-race-taille\/","title":{"rendered":"\u00c9leveurs par race\/taille"},"content":{"rendered":"<p><a name=\"top\"><\/a><br \/>\n<a href=\"#khs\">Teckel \u00e0 poil court standard<\/a> | <a href=\"#khz\">Teckel \u00e0 poil court nain<\/a> |<br \/>\n<a href=\"#rhs\">Teckel \u00e0 poil dur standard<\/a> | <a href=\"#rhz\">Teckel \u00e0 poil dur nain<\/a> | <a href=\"#rhk\">Teckel \u00e0 poil dur Kaninchen<\/a> |<br \/>\n<a href=\"#lhs\">Teckel \u00e0 poil long standard<\/a> | <a href=\"#lhz\">Teckel \u00e0 poil long nain<\/a> | <a href=\"#lhk\">Teckel \u00e0 poil long Kaninchen<\/a> |<\/p>\n<hr>\n<p><a name=\"khs\"><\/a><\/p>\n<h4>Teckel \u00e0 poil court standard<\/h4>\n<p>&nbsp;<\/p>\n<hr>\n\n<hr>\n<p><a name=\"khz\"><\/a><\/p>\n<h4>Teckel nain \u00e0 poil court<\/h4>\n<p><a href=\"#top\">^ retour<\/a><\/p>\n<hr>\n\n<hr>\n<p><a name=\"rhs\"><\/a><\/p>\n<h4>Teckel \u00e0 poil dur standard<\/h4>\n<p><a href=\"#top\">^ retour<\/a><\/p>\n<hr>\n\n<hr>\n<p><a name=\"rhz\"><\/a><\/p>\n<h4>Teckel nain \u00e0 poil dur<\/h4>\n<p><a href=\"#top\">^ retour<\/a><\/p>\n<hr>\n\n<hr>\n<p><a name=\"rhk\"><\/a><\/p>\n<h4>Teckel Kaninchen \u00e0 poil dur<\/h4>\n<p><a href=\"#top\">^ retour<\/a><\/p>\n<hr>\n\n<hr>\n<p><a name=\"lhs\"><\/a><\/p>\n<h4>Teckel \u00e0 poil long standard<\/h4>\n<p><a href=\"#top\">^ retour<\/a><\/p>\n<hr>\n\n<hr>\n<p><a name=\"lhz\"><\/a><\/p>\n<h4>Teckel nain \u00e0 poil long<\/h4>\n<p><a href=\"#top\">^ retour<\/a><\/p>\n<hr>\n\n<hr>\n<p><a name=\"lhk\"><\/a><\/p>\n<h4>Teckel Kaninchen \u00e0 poil long<\/h4>\n<p><a href=\"#top\">^ retour<\/a><\/p>\n<hr>\n\n","protected":false},"excerpt":{"rendered":"<p>Teckel \u00e0 poil court standard | Teckel \u00e0 poil court nain | Teckel \u00e0 poil dur standard | Teckel \u00e0 poil dur nain | Teckel \u00e0 poil dur Kaninchen | Teckel \u00e0 poil long standard | Teckel \u00e0 poil long nain | Teckel \u00e0 poil long Kaninchen | Teckel \u00e0 poil court standard &nbsp; Teckel [&hellip;]<\/p>\n","protected":false},"author":1,"featured_media":0,"parent":0,"menu_order":0,"comment_status":"closed","ping_status":"closed","template":"","meta":{"ngg_post_thumbnail":0,"footnotes":""},"class_list":["post-17689","page","type-page","status-publish","hentry"],"_links":{"self":[{"href":"https:\/\/dackel.ch\/fr\/wp-json\/wp\/v2\/pages\/17689","targetHints":{"allow":["GET"]}}],"collection":[{"href":"https:\/\/dackel.ch\/fr\/wp-json\/wp\/v2\/pages"}],"about":[{"href":"https:\/\/dackel.ch\/fr\/wp-json\/wp\/v2\/types\/page"}],"author":[{"embeddable":true,"href":"https:\/\/dackel.ch\/fr\/wp-json\/wp\/v2\/users\/1"}],"replies":[{"embeddable":true,"href":"https:\/\/dackel.ch\/fr\/wp-json\/wp\/v2\/comments?post=17689"}],"version-history":[{"count":0,"href":"https:\/\/dackel.ch\/fr\/wp-json\/wp\/v2\/pages\/17689\/revisions"}],"wp:attachment":[{"href":"https:\/\/dackel.ch\/fr\/wp-json\/wp\/v2\/media?parent=17689"}],"curies":[{"name":"wp","href":"https:\/\/api.w.org\/{rel}","templated":true}]}}