{"id":18446,"date":"2015-11-23T16:18:26","date_gmt":"2015-11-23T16:18:26","guid":{"rendered":"https:\/\/dackel.ch\/notre-club\/groupes-regionaux\/groupe-regional-de-zurich\/"},"modified":"2026-02-15T16:29:52","modified_gmt":"2026-02-15T16:29:52","slug":"groupe-regional-de-zurich","status":"publish","type":"page","link":"https:\/\/dackel.ch\/fr\/notre-club\/groupes-regionaux\/groupe-regional-de-zurich\/","title":{"rendered":"Groupe r\u00e9gional de Zurich"},"content":{"rendered":"\n<style type=\"text\/css\" data-created_by=\"avia_inline_auto\" id=\"style-css-av-2k5yb4-675309cacf7dd4505dc7f5965c68fb5c\">\n.flex_column.av-2k5yb4-675309cacf7dd4505dc7f5965c68fb5c{\nborder-radius:0px 0px 0px 0px;\npadding:0px 0px 0px 0px;\n}\n<\/style>\n<div  class='flex_column av-2k5yb4-675309cacf7dd4505dc7f5965c68fb5c av_three_fifth  avia-builder-el-0  el_before_av_two_fifth  avia-builder-el-first  first flex_column_div av-zero-column-padding  '     ><p>\n<style type=\"text\/css\" data-created_by=\"avia_inline_auto\" id=\"style-css-av-8he5c-9ef93fced9aff3f9cc047b92d455b200\">\n.avia-image-container.av-8he5c-9ef93fced9aff3f9cc047b92d455b200 img.avia_image{\nbox-shadow:none;\n}\n.avia-image-container.av-8he5c-9ef93fced9aff3f9cc047b92d455b200 .av-image-caption-overlay-center{\ncolor:#ffffff;\n}\n<\/style>\n<div  class='avia-image-container av-8he5c-9ef93fced9aff3f9cc047b92d455b200 av-styling- avia-align-center  avia-builder-el-1  el_before_av_hr  avia-builder-el-first '   itemprop=\"image\" itemscope=\"itemscope\" itemtype=\"https:\/\/schema.org\/ImageObject\" ><div class=\"avia-image-container-inner\"><div class=\"avia-image-overlay-wrap\"><img decoding=\"async\" fetchpriority=\"high\" class='wp-image-18450 avia-img-lazy-loading-not-18450 avia_image ' src=\"https:\/\/dackel.ch\/wp-content\/uploads\/2024\/03\/Dackel-Zuerich.png\" alt='' title='Dackel-Zuerich'  height=\"798\" width=\"2500\"  itemprop=\"thumbnailUrl\" srcset=\"https:\/\/dackel.ch\/wp-content\/uploads\/2024\/03\/Dackel-Zuerich.png 2500w, https:\/\/dackel.ch\/wp-content\/uploads\/2024\/03\/Dackel-Zuerich-300x96.png 300w, https:\/\/dackel.ch\/wp-content\/uploads\/2024\/03\/Dackel-Zuerich-1030x329.png 1030w, https:\/\/dackel.ch\/wp-content\/uploads\/2024\/03\/Dackel-Zuerich-768x245.png 768w, https:\/\/dackel.ch\/wp-content\/uploads\/2024\/03\/Dackel-Zuerich-1536x490.png 1536w, https:\/\/dackel.ch\/wp-content\/uploads\/2024\/03\/Dackel-Zuerich-2048x654.png 2048w, https:\/\/dackel.ch\/wp-content\/uploads\/2024\/03\/Dackel-Zuerich-1500x479.png 1500w, https:\/\/dackel.ch\/wp-content\/uploads\/2024\/03\/Dackel-Zuerich-705x225.png 705w\" sizes=\"(max-width: 2500px) 100vw, 2500px\" \/><\/div><\/div><\/div><br \/>\n<div  class='hr av-28jlco-d8d434d9dc5b5b09ce77b1a9d61c967c hr-default  avia-builder-el-2  el_after_av_image  el_before_av_textblock '><span class='hr-inner '><span class=\"hr-inner-style\"><\/span><\/span><\/div><br \/>\n<section  class='av_textblock_section av-237xns-9609453964fff4cd12af3fb9f5b41fef '   itemscope=\"itemscope\" itemtype=\"https:\/\/schema.org\/CreativeWork\" ><div class='avia_textblock'  itemprop=\"text\" ><p>Gr\u00fcezi amis teckels&nbsp;!<br \/>\nHallo passionn\u00e9s de teckels&nbsp;!<br \/>\nVous recherchez une exp\u00e9rience de club optimale pour vous et vos compagnons&nbsp;? Une \u00ab&nbsp;\u00e9quipe motiv\u00e9e&nbsp;\u00bb garantit une activit\u00e9 de club optimale pour tous les membres, o\u00f9 votre bien-\u00eatre et celui de vos teckels sont pris en compte de la m\u00eame mani\u00e8re. Chez nous, vous b\u00e9n\u00e9ficiez \u00e9galement des conseils et du soutien d\u2019\u00e9leveurs, de chasseurs et de juges exp\u00e9riment\u00e9s, mais aussi de \u00ab&nbsp;parents de teckels&nbsp;\u00bb de longue date.<br \/>\nNous sommes actuellement environ 150&nbsp;membres et avons presque autant de teckels \u00e0 poil court, \u00e0 poil dur et \u00e0 poil long. N\u2019h\u00e9sitez pas \u00e0 contacter l\u2019un des membres de notre comit\u00e9 ou \u00e0 venir simplement \u00ab&nbsp;renifler&nbsp;\u00bb avec votre compagnon.<br \/>\nEn tant que membre du \u00ab&nbsp;Schweizerischer Dachshund-Club&nbsp;\u00bb (SDC), vous pouvez profiter de tous les services et offres de nos groupes r\u00e9gionaux pour une cotisation modeste.<br \/>\nNous nous r\u00e9jouissons de vous accueillir,<br \/>\nVotre heureuse \u00ab&nbsp;famille de teckels zurichoise&nbsp;\u00bb   <\/p>\n<p>Teckels Zurich<br \/>\nKirsten Bischof<br \/>\nAuf den B\u00e4len&nbsp;6<br \/>\n8154&nbsp;Oberglatt<\/p>\n<hr>\n<p><strong>Comit\u00e9<\/strong><\/p>\n<div class=\"tmm  tmm_8-ortsgruppe-zuerich tmm-floating-pic\"><div class=\"tmm_2_columns tmm_wrap \"><span class=\"tmm_two_containers_tablet\"><\/span><div class=\"tmm_container\"><div class=\"tmm_member \" style=\"border-top:#aaaaaa solid 5px;\"><div class=\" tmm_photo tmm_phover_8-ortsgruppe-zuerich_0\" style=\"background: url(https:\/\/dackel.ch\/wp-content\/uploads\/2022\/04\/Groessl.jpg); margin-left: auto; margin-right:auto; background-size:cover !important;\"><\/div><div class=\"tmm_textblock\"><div class=\"tmm_names\"><span class=\"tmm_fname\">Svenja<\/span> <span class=\"tmm_lname\">Gr\u00f6ssl<\/span><\/div><div class=\"tmm_job\">Pr\u00e4sidentin<\/div><div class=\"tmm_scblock\">\n                                                        <a class=\"tmm_sociallink\" href=\"mailto:svenja.groessl@dackel.ch\" title=\"E-Mail\"><img decoding=\"async\" alt=\"E-Mail\" src=\"https:\/\/dackel.ch\/wp-content\/plugins\/team-members-pro\/img\/links\/email.png\"\/><\/a><\/div><\/div><\/div><div class=\"tmm_member \" style=\"border-top:#aaaaaa solid 5px;\"><div class=\" tmm_photo tmm_phover_8-ortsgruppe-zuerich_1\" style=\"background: url(https:\/\/dackel.ch\/wp-content\/uploads\/2026\/03\/Kirsten-mit-Emil-22.jpg); margin-left: auto; margin-right:auto; background-size:cover !important;\"><\/div><div class=\"tmm_textblock\"><div class=\"tmm_names\"><span class=\"tmm_fname\">Kirsten<\/span> <span class=\"tmm_lname\">Bischof<\/span><\/div><div class=\"tmm_job\">Sekret\u00e4rin<\/div><div class=\"tmm_scblock\">\n                                                        <a class=\"tmm_sociallink\" href=\"mailto:kirsten.bischof@dackel.ch\" title=\"E-Mail\"><img decoding=\"async\" alt=\"E-Mail\" src=\"https:\/\/dackel.ch\/wp-content\/plugins\/team-members-pro\/img\/links\/email.png\"\/><\/a><\/div><\/div><\/div><span class=\"tmm_two_containers_tablet\"><\/span><\/div><span class=\"tmm_columns_containers_desktop\"><\/span><div class=\"tmm_container\"><div class=\"tmm_member \" style=\"border-top:#aaaaaa solid 5px;\"><div class=\" tmm_photo tmm_phover_8-ortsgruppe-zuerich_2\" style=\"background: url(https:\/\/dackel.ch\/wp-content\/uploads\/2019\/03\/OG-ZH-Lehmann-2.jpg); margin-left: auto; margin-right:auto; background-size:cover !important;\"><\/div><div class=\"tmm_textblock\"><div class=\"tmm_names\"><span class=\"tmm_fname\">Charles<\/span> <span class=\"tmm_lname\">Lehmann<\/span><\/div><div class=\"tmm_job\">Kassier<\/div><div class=\"tmm_scblock\">\n                                                        <a class=\"tmm_sociallink\" href=\"mailto:charles.lehmann@dackel.ch\" title=\"E-Mail\"><img decoding=\"async\" alt=\"E-Mail\" src=\"https:\/\/dackel.ch\/wp-content\/plugins\/team-members-pro\/img\/links\/email.png\"\/><\/a><\/div><\/div><\/div><div class=\"tmm_member \" style=\"border-top:#aaaaaa solid 5px;\"><div class=\" tmm_photo tmm_phover_8-ortsgruppe-zuerich_3\" style=\"background: url(https:\/\/dackel.ch\/wp-content\/uploads\/2026\/03\/Fuchs-Verena2.jpg); margin-left: auto; margin-right:auto; background-size:cover !important;\"><\/div><div class=\"tmm_textblock\"><div class=\"tmm_names\"><span class=\"tmm_fname\">Verena<\/span> <span class=\"tmm_lname\">Fuchs<\/span><\/div><div class=\"tmm_job\">Beisitzerin<\/div><div class=\"tmm_scblock\">\n                                                        <a class=\"tmm_sociallink\" href=\"mailto:verena.fuchs@dackel.ch\" title=\"E-Mail\"><img decoding=\"async\" alt=\"E-Mail\" src=\"https:\/\/dackel.ch\/wp-content\/plugins\/team-members-pro\/img\/links\/email.png\"\/><\/a><\/div><\/div><\/div><span class=\"tmm_two_containers_tablet\"><\/span><\/div><span class=\"tmm_columns_containers_desktop\"><\/span><div class=\"tmm_container\"><div class=\"tmm_member \" style=\"border-top:#aaaaaa solid 5px;\"><div class=\" tmm_photo tmm_phover_8-ortsgruppe-zuerich_4\" style=\"background: url(https:\/\/dackel.ch\/wp-content\/uploads\/2024\/03\/Danny-Paul-.jpg); margin-left: auto; margin-right:auto; background-size:cover !important;\"><\/div><div class=\"tmm_textblock\"><div class=\"tmm_names\"><span class=\"tmm_fname\">Danny<\/span> <span class=\"tmm_lname\">Stey<\/span><\/div><div class=\"tmm_job\">Beisitzer<\/div><div class=\"tmm_scblock\">\n                                                        <a class=\"tmm_sociallink\" href=\"mailto:danny.stey@dackel.ch\" title=\"\"><img decoding=\"async\" alt=\"\" src=\"https:\/\/dackel.ch\/wp-content\/plugins\/team-members-pro\/img\/links\/email.png\"\/><\/a><\/div><\/div><\/div><div style=\"clear:both;\"><\/div><\/div><\/div><\/div>\n<hr>\n<\/div><\/section><\/p><\/div>\n\n<style type=\"text\/css\" data-created_by=\"avia_inline_auto\" id=\"style-css-av-1ybk4g-358874b9d421bf52148d85e79be991eb\">\n.flex_column.av-1ybk4g-358874b9d421bf52148d85e79be991eb{\nborder-radius:0px 0px 0px 0px;\npadding:0px 0px 0px 0px;\n}\n<\/style>\n<div  class='flex_column av-1ybk4g-358874b9d421bf52148d85e79be991eb av_two_fifth flex_column_div av-zero-column-padding  '     ><p><section  class='av_textblock_section av-1onkcg-9722c66e0a878cfe7d52372a89e30428 '   itemscope=\"itemscope\" itemtype=\"https:\/\/schema.org\/CreativeWork\" ><div class='avia_textblock'  itemprop=\"text\" ><p><strong>Programme<\/strong><\/p>\n<h3><\/h3>\n<\/div><\/section><br \/>\n<div  class='hr av-195hao-c51fbd16c0cd4e44f6d6a17203d5f784 hr-default'><span class='hr-inner '><span class=\"hr-inner-style\"><\/span><\/span><\/div><br \/>\n<div  class='avia-button-wrap avia-button-center '>\n<style type=\"text\/css\" data-created_by=\"avia_inline_auto\" id=\"style-css-av-lbmnqzr3-72ce9a6adea157d65b98c6fae3f06649\">\n#top #wrap_all .avia-button.av-lbmnqzr3-72ce9a6adea157d65b98c6fae3f06649:hover{\nbackground-color:silver;\ncolor:white;\ntransition:all 0.4s ease-in-out;\n}\n#top #wrap_all .avia-button.av-lbmnqzr3-72ce9a6adea157d65b98c6fae3f06649:hover .avia-svg-icon svg:first-child{\nfill:white;\nstroke:white;\n}\n<\/style>\n<a href='https:\/\/dackel.ch\/wp-content\/uploads\/2026\/02\/j_prog_zh_def-2026.pdf' class='avia-color-theme-color avia-font-color-theme-color avia-button avia-button-fullwidth av-lbmnqzr3-72ce9a6adea157d65b98c6fae3f06649 avia-icon_select-no avia-color-theme-color'  target=\"_blank\"  rel=\"noopener noreferrer\"  aria-label=\"Programme annuel 2026\"><span class='avia_iconbox_title' >Programme annuel 2026<\/span><\/a><\/div><br \/>\n<div  class='hr av-ge9js-3cdcea9f1ff9fba261d1a9e3ad7baab3 hr-default'><span class='hr-inner '><span class=\"hr-inner-style\"><\/span><\/span><\/div><br \/>\n<section  class='av_textblock_section av-q5lp4-c403d3fc67785e1805d67143b4a855f2 '   itemscope=\"itemscope\" itemtype=\"https:\/\/schema.org\/CreativeWork\" ><div class='avia_textblock'  itemprop=\"text\" ><p><strong><a href=\"http:\/\/www.dackel-regionalgruppe-zh.ch\/\" target=\"_blank\" rel=\"noopener\">Site Internet du GR Zurich<\/a><\/strong><\/p>\n<p><a href=\"http:\/\/www.dackel-regionalgruppe-zh.ch\/\" target=\"_blank\" rel=\"noopener\"><img loading=\"lazy\" decoding=\"async\" class=\"alignnone wp-image-13612 size-medium\" src=\"https:\/\/dackel.ch\/wp-content\/uploads\/2024\/02\/dackel-rg-zh-300x174.jpg\" alt=\"\" width=\"300\" height=\"174\" srcset=\"https:\/\/dackel.ch\/wp-content\/uploads\/2024\/02\/dackel-rg-zh-300x174.jpg 300w, https:\/\/dackel.ch\/wp-content\/uploads\/2024\/02\/dackel-rg-zh-1030x596.jpg 1030w, https:\/\/dackel.ch\/wp-content\/uploads\/2024\/02\/dackel-rg-zh-768x445.jpg 768w, https:\/\/dackel.ch\/wp-content\/uploads\/2024\/02\/dackel-rg-zh-1536x890.jpg 1536w, https:\/\/dackel.ch\/wp-content\/uploads\/2024\/02\/dackel-rg-zh-1500x869.jpg 1500w, https:\/\/dackel.ch\/wp-content\/uploads\/2024\/02\/dackel-rg-zh-705x408.jpg 705w, https:\/\/dackel.ch\/wp-content\/uploads\/2024\/02\/dackel-rg-zh.jpg 1637w\" sizes=\"auto, (max-width: 300px) 100vw, 300px\" \/><\/a><\/p>\n<\/div><\/section><br \/>\n<div  class='hr av-jcrnk-09512bb26646726079040ff02df30c57 hr-default'><span class='hr-inner '><span class=\"hr-inner-style\"><\/span><\/span><\/div><br \/>\n<section  class='av_textblock_section av-1k88o-a348ada064580941239931704d95d6f2 '   itemscope=\"itemscope\" itemtype=\"https:\/\/schema.org\/CreativeWork\" ><div class='avia_textblock'  itemprop=\"text\" ><p><strong>Infos | Liens | T\u00e9l\u00e9chargements<\/strong><\/p>\n<\/div><\/section><br \/>\n<div  class='hr av-ap0ns-a070900f4aceb6259c2f786a42d68616 hr-default'><span class='hr-inner '><span class=\"hr-inner-style\"><\/span><\/span><\/div><\/p><\/div>\n","protected":false},"excerpt":{"rendered":"","protected":false},"author":1,"featured_media":0,"parent":17496,"menu_order":0,"comment_status":"closed","ping_status":"closed","template":"","meta":{"ngg_post_thumbnail":0,"footnotes":""},"class_list":["post-18446","page","type-page","status-publish","hentry"],"_links":{"self":[{"href":"https:\/\/dackel.ch\/fr\/wp-json\/wp\/v2\/pages\/18446","targetHints":{"allow":["GET"]}}],"collection":[{"href":"https:\/\/dackel.ch\/fr\/wp-json\/wp\/v2\/pages"}],"about":[{"href":"https:\/\/dackel.ch\/fr\/wp-json\/wp\/v2\/types\/page"}],"author":[{"embeddable":true,"href":"https:\/\/dackel.ch\/fr\/wp-json\/wp\/v2\/users\/1"}],"replies":[{"embeddable":true,"href":"https:\/\/dackel.ch\/fr\/wp-json\/wp\/v2\/comments?post=18446"}],"version-history":[{"count":21,"href":"https:\/\/dackel.ch\/fr\/wp-json\/wp\/v2\/pages\/18446\/revisions"}],"predecessor-version":[{"id":19426,"href":"https:\/\/dackel.ch\/fr\/wp-json\/wp\/v2\/pages\/18446\/revisions\/19426"}],"up":[{"embeddable":true,"href":"https:\/\/dackel.ch\/fr\/wp-json\/wp\/v2\/pages\/17496"}],"wp:attachment":[{"href":"https:\/\/dackel.ch\/fr\/wp-json\/wp\/v2\/media?parent=18446"}],"curies":[{"name":"wp","href":"https:\/\/api.w.org\/{rel}","templated":true}]}}